{"id":2870,"date":"2018-10-10T08:43:16","date_gmt":"2018-10-10T08:43:16","guid":{"rendered":"http:\/\/logichunt.net\/demo\/wordpress\/emeet\/about-us-copy\/"},"modified":"2025-12-05T16:22:43","modified_gmt":"2025-12-05T16:22:43","slug":"experts","status":"publish","type":"page","link":"https:\/\/heliview.com\/state-cyber-security-sweden\/experts\/","title":{"rendered":"Experts 2025"},"content":{"rendered":"<div class=\"wpb-content-wrapper\">[vc_row css=&#8221;.vc_custom_1572897276102{background-position: center !important;background-repeat: no-repeat !important;background-size: cover !important;}&#8221; el_class=&#8221;lgx-inner&#8221;][vc_column][vc_empty_space]<div class=\"lgx-heading  \" >\r\n                    <h2 class=\"heading\">The experts of 2025<\/h2>\r\n                    <h3 class=\"subheading\">State of Cyber Security Sweden<\/h3>              \r\n              <\/div>[vc_column_text css=&#8221;&#8221;]On this page the experts who will be speaking at State of Cyber Security Sweden will be announced. So stay tuned and keep an eye on this page to be the first to know who will be the first expert at this conference.[\/vc_column_text][\/vc_column][\/vc_row][vc_row css=&#8221;.vc_custom_1572896998857{background-position: center !important;background-repeat: no-repeat !important;background-size: cover !important;}&#8221; el_class=&#8221;lgx-inner&#8221;][vc_column width=&#8221;1\/4&#8243;]\r\n\r\n    <div class=\"lgx-single-speaker lgx-single-speaker-one \">\r\n        <figure>\r\n            <a class=\"profile-img\" href=\"https:\/\/heliview.com\/state-cyber-security-sweden\/speaker\/teodor-axlund\/\">\r\n                <img decoding=\"async\" src=\"https:\/\/heliview.com\/state-cyber-security-sweden\/wp-content\/uploads\/sites\/65\/2024\/09\/Foto-Teodor-Axlund.jpg\" alt=\"Teodor Axlund\"\/>\r\n            <\/a>\r\n\r\n            <figcaption>\r\n                <div class=\"social-group\">\r\n                                                                                <a class=\"sp-in\" target=\"_blank\" href=\"http:\/\/www.linkedin.com\/in\/teodoraxlund\"><i class=\"fa fa-linkedin\"><\/i><\/a>                                                                            <\/div>\r\n                <div class=\"speaker-info\">\r\n                    <h3 class=\"title\"><a href=\"https:\/\/heliview.com\/state-cyber-security-sweden\/speaker\/teodor-axlund\/\">Teodor Axlund<\/a><\/h3>\r\n                    <h4 class=\"subtitle\">Chairman of the day<\/h4>                <\/div>\r\n            <\/figcaption>\r\n        <\/figure>\r\n    <\/div>\r\n\r\n\r\n\r\n    [\/vc_column][vc_column width=&#8221;1\/4&#8243;]\r\n\r\n    <div class=\"lgx-single-speaker lgx-single-speaker-one \">\r\n        <figure>\r\n            <a class=\"profile-img\" href=\"https:\/\/heliview.com\/state-cyber-security-sweden\/speaker\/angelique-dawnbringer\/\">\r\n                <img decoding=\"async\" src=\"https:\/\/heliview.com\/state-cyber-security-sweden\/wp-content\/uploads\/sites\/65\/2025\/04\/Angelique.png\" alt=\"Angelique Dawnbringer\"\/>\r\n            <\/a>\r\n\r\n            <figcaption>\r\n                <div class=\"social-group\">\r\n                                                                                <a class=\"sp-in\" target=\"_blank\" href=\"https:\/\/www.linkedin.com\/in\/angeliquedawnbringer\/\"><i class=\"fa fa-linkedin\"><\/i><\/a>                                                                            <\/div>\r\n                <div class=\"speaker-info\">\r\n                    <h3 class=\"title\"><a href=\"https:\/\/heliview.com\/state-cyber-security-sweden\/speaker\/angelique-dawnbringer\/\">Angelique Dawnbringer<\/a><\/h3>\r\n                    <h4 class=\"subtitle\">Digital Trust and Security Advisor of Business Wellness Group<\/h4>                <\/div>\r\n            <\/figcaption>\r\n        <\/figure>\r\n    <\/div>\r\n\r\n\r\n\r\n    [\/vc_column][vc_column width=&#8221;1\/4&#8243;]\r\n\r\n    <div class=\"lgx-single-speaker lgx-single-speaker-one \">\r\n        <figure>\r\n            <a class=\"profile-img\" href=\"https:\/\/heliview.com\/state-cyber-security-sweden\/speaker\/emre-suren\/\">\r\n                <img decoding=\"async\" src=\"https:\/\/heliview.com\/state-cyber-security-sweden\/wp-content\/uploads\/sites\/65\/2025\/04\/Emre-Suren.png\" alt=\"Emre S\u00fcren\"\/>\r\n            <\/a>\r\n\r\n            <figcaption>\r\n                <div class=\"social-group\">\r\n                                                                                <a class=\"sp-in\" target=\"_blank\" href=\"https:\/\/www.linkedin.com\/in\/emres%c3%bcren\/\"><i class=\"fa fa-linkedin\"><\/i><\/a>                                                                            <\/div>\r\n                <div class=\"speaker-info\">\r\n                    <h3 class=\"title\"><a href=\"https:\/\/heliview.com\/state-cyber-security-sweden\/speaker\/emre-suren\/\">Emre S\u00fcren<\/a><\/h3>\r\n                    <h4 class=\"subtitle\">Researcher of Cybercampus Sverige<\/h4>                <\/div>\r\n            <\/figcaption>\r\n        <\/figure>\r\n    <\/div>\r\n\r\n\r\n\r\n    [\/vc_column][vc_column width=&#8221;1\/4&#8243;]\r\n\r\n    <div class=\"lgx-single-speaker lgx-single-speaker-one \">\r\n        <figure>\r\n            <a class=\"profile-img\" href=\"https:\/\/heliview.com\/state-cyber-security-sweden\/speaker\/helena-malm\/\">\r\n                <img decoding=\"async\" src=\"https:\/\/heliview.com\/state-cyber-security-sweden\/wp-content\/uploads\/sites\/65\/2025\/04\/Helena-Malm.png\" alt=\"Hel\u00e9na Malm\"\/>\r\n            <\/a>\r\n\r\n            <figcaption>\r\n                <div class=\"social-group\">\r\n                                                                                <a class=\"sp-in\" target=\"_blank\" href=\"https:\/\/www.linkedin.com\/in\/hel%c3%a9na-malm-1650298\/\"><i class=\"fa fa-linkedin\"><\/i><\/a>                                                                            <\/div>\r\n                <div class=\"speaker-info\">\r\n                    <h3 class=\"title\"><a href=\"https:\/\/heliview.com\/state-cyber-security-sweden\/speaker\/helena-malm\/\">Hel\u00e9na Malm<\/a><\/h3>\r\n                    <h4 class=\"subtitle\">Head of CSO Office of Swedbank AB<\/h4>                <\/div>\r\n            <\/figcaption>\r\n        <\/figure>\r\n    <\/div>\r\n\r\n\r\n\r\n    [\/vc_column][\/vc_row][vc_row css=&#8221;.vc_custom_1572896998857{background-position: center !important;background-repeat: no-repeat !important;background-size: cover !important;}&#8221; el_class=&#8221;lgx-inner&#8221;][vc_column width=&#8221;1\/4&#8243;]\r\n\r\n    <div class=\"lgx-single-speaker lgx-single-speaker-one \">\r\n        <figure>\r\n            <a class=\"profile-img\" href=\"https:\/\/heliview.com\/state-cyber-security-sweden\/speaker\/dzana-dzemidzic\/\">\r\n                <img decoding=\"async\" src=\"https:\/\/heliview.com\/state-cyber-security-sweden\/wp-content\/uploads\/sites\/65\/2025\/04\/Dzana-Dzemidzic.png\" alt=\"Dzana Dzemidzic\"\/>\r\n            <\/a>\r\n\r\n            <figcaption>\r\n                <div class=\"social-group\">\r\n                                                                                <a class=\"sp-in\" target=\"_blank\" href=\"https:\/\/www.linkedin.com\/in\/dzana-d-5006a523\/\"><i class=\"fa fa-linkedin\"><\/i><\/a>                                                                            <\/div>\r\n                <div class=\"speaker-info\">\r\n                    <h3 class=\"title\"><a href=\"https:\/\/heliview.com\/state-cyber-security-sweden\/speaker\/dzana-dzemidzic\/\">Dzana Dzemidzic<\/a><\/h3>\r\n                    <h4 class=\"subtitle\">Business Information Security Officer of Swedbank AB<\/h4>                <\/div>\r\n            <\/figcaption>\r\n        <\/figure>\r\n    <\/div>\r\n\r\n\r\n\r\n    [\/vc_column][vc_column width=&#8221;1\/4&#8243;]\r\n\r\n    <div class=\"lgx-single-speaker lgx-single-speaker-one \">\r\n        <figure>\r\n            <a class=\"profile-img\" href=\"https:\/\/heliview.com\/state-cyber-security-sweden\/speaker\/jan-olsson\/\">\r\n                <img decoding=\"async\" src=\"https:\/\/heliview.com\/state-cyber-security-sweden\/wp-content\/uploads\/sites\/65\/2025\/04\/Jan-Olsson.png\" alt=\"Jan Olsson\"\/>\r\n            <\/a>\r\n\r\n            <figcaption>\r\n                <div class=\"social-group\">\r\n                                                                                <a class=\"sp-in\" target=\"_blank\" href=\"https:\/\/www.linkedin.com\/in\/jan-olsson-987654b5\/\"><i class=\"fa fa-linkedin\"><\/i><\/a>                                                                            <\/div>\r\n                <div class=\"speaker-info\">\r\n                    <h3 class=\"title\"><a href=\"https:\/\/heliview.com\/state-cyber-security-sweden\/speaker\/jan-olsson\/\">Jan Olsson<\/a><\/h3>\r\n                    <h4 class=\"subtitle\">Police Superintendent \/ Operations Developer of Swedish Police<\/h4>                <\/div>\r\n            <\/figcaption>\r\n        <\/figure>\r\n    <\/div>\r\n\r\n\r\n\r\n    [\/vc_column][vc_column width=&#8221;1\/4&#8243;]\r\n\r\n    <div class=\"lgx-single-speaker lgx-single-speaker-one \">\r\n        <figure>\r\n            <a class=\"profile-img\" href=\"https:\/\/heliview.com\/state-cyber-security-sweden\/speaker\/christoffer-callender\/\">\r\n                <img decoding=\"async\" src=\"https:\/\/heliview.com\/state-cyber-security-sweden\/wp-content\/uploads\/sites\/65\/2025\/06\/Christoffer-Callender.jpg\" alt=\"Christoffer Callender\"\/>\r\n            <\/a>\r\n\r\n            <figcaption>\r\n                <div class=\"social-group\">\r\n                                                                                <a class=\"sp-in\" target=\"_blank\" href=\"http:\/\/www.linkedin.com\/in\/christoffer-callender-4297542\"><i class=\"fa fa-linkedin\"><\/i><\/a>                                                                            <\/div>\r\n                <div class=\"speaker-info\">\r\n                    <h3 class=\"title\"><a href=\"https:\/\/heliview.com\/state-cyber-security-sweden\/speaker\/christoffer-callender\/\">Christoffer Callender<\/a><\/h3>\r\n                    <h4 class=\"subtitle\">Regional Technology Officer EMEA of Broadcom Software<\/h4>                <\/div>\r\n            <\/figcaption>\r\n        <\/figure>\r\n    <\/div>\r\n\r\n\r\n\r\n    [\/vc_column][vc_column width=&#8221;1\/4&#8243;]\r\n\r\n    <div class=\"lgx-single-speaker lgx-single-speaker-one \">\r\n        <figure>\r\n            <a class=\"profile-img\" href=\"https:\/\/heliview.com\/state-cyber-security-sweden\/speaker\/linda-nieminen\/\">\r\n                <img decoding=\"async\" src=\"https:\/\/heliview.com\/state-cyber-security-sweden\/wp-content\/uploads\/sites\/65\/2025\/07\/Linda-Nieminen.png\" alt=\"Linda Nieminen\"\/>\r\n            <\/a>\r\n\r\n            <figcaption>\r\n                <div class=\"social-group\">\r\n                                                                                <a class=\"sp-in\" target=\"_blank\" href=\"https:\/\/www.linkedin.com\/in\/linda-nieminen-51b6a3156\"><i class=\"fa fa-linkedin\"><\/i><\/a>                                                                            <\/div>\r\n                <div class=\"speaker-info\">\r\n                    <h3 class=\"title\"><a href=\"https:\/\/heliview.com\/state-cyber-security-sweden\/speaker\/linda-nieminen\/\">Linda Nieminen<\/a><\/h3>\r\n                    <h4 class=\"subtitle\">Cyber Security Consultant<\/h4>                <\/div>\r\n            <\/figcaption>\r\n        <\/figure>\r\n    <\/div>\r\n\r\n\r\n\r\n    [\/vc_column][\/vc_row][vc_row css=&#8221;.vc_custom_1572896998857{background-position: center !important;background-repeat: no-repeat !important;background-size: cover !important;}&#8221; el_class=&#8221;lgx-inner&#8221;][vc_column width=&#8221;1\/4&#8243;]\r\n\r\n    <div class=\"lgx-single-speaker lgx-single-speaker-one \">\r\n        <figure>\r\n            <a class=\"profile-img\" href=\"https:\/\/heliview.com\/state-cyber-security-sweden\/speaker\/margarita-sallinen\/\">\r\n                <img decoding=\"async\" src=\"https:\/\/heliview.com\/state-cyber-security-sweden\/wp-content\/uploads\/sites\/65\/2025\/07\/Margarita-Sallinen.png\" alt=\"Margarita Sallinen\"\/>\r\n            <\/a>\r\n\r\n            <figcaption>\r\n                <div class=\"social-group\">\r\n                                                                                <a class=\"sp-in\" target=\"_blank\" href=\"http:\/\/www.linkedin.com\/in\/margaritasallinen%20\"><i class=\"fa fa-linkedin\"><\/i><\/a>                                                                            <\/div>\r\n                <div class=\"speaker-info\">\r\n                    <h3 class=\"title\"><a href=\"https:\/\/heliview.com\/state-cyber-security-sweden\/speaker\/margarita-sallinen\/\">Margarita Sallinen<\/a><\/h3>\r\n                    <h4 class=\"subtitle\">Information & Cyber Security Consultant<\/h4>                <\/div>\r\n            <\/figcaption>\r\n        <\/figure>\r\n    <\/div>\r\n\r\n\r\n\r\n    [\/vc_column][vc_column width=&#8221;1\/4&#8243;]\r\n\r\n    <div class=\"lgx-single-speaker lgx-single-speaker-one \">\r\n        <figure>\r\n            <a class=\"profile-img\" href=\"https:\/\/heliview.com\/state-cyber-security-sweden\/speaker\/nithin-krishna\/\">\r\n                <img decoding=\"async\" src=\"https:\/\/heliview.com\/state-cyber-security-sweden\/wp-content\/uploads\/sites\/65\/2025\/07\/Sprekers-logo-website-1.png\" alt=\"Nithin Krishna\"\/>\r\n            <\/a>\r\n\r\n            <figcaption>\r\n                <div class=\"social-group\">\r\n                                                                                <a class=\"sp-in\" target=\"_blank\" href=\"https:\/\/www.linkedin.com\/in\/cybrnk\"><i class=\"fa fa-linkedin\"><\/i><\/a>                                                                            <\/div>\r\n                <div class=\"speaker-info\">\r\n                    <h3 class=\"title\"><a href=\"https:\/\/heliview.com\/state-cyber-security-sweden\/speaker\/nithin-krishna\/\">Nithin Krishna<\/a><\/h3>\r\n                    <h4 class=\"subtitle\">Head of Cyber Defence Center of Jeppesen Foreflight<\/h4>                <\/div>\r\n            <\/figcaption>\r\n        <\/figure>\r\n    <\/div>\r\n\r\n\r\n\r\n    [\/vc_column][vc_column width=&#8221;1\/4&#8243;]\r\n\r\n    <div class=\"lgx-single-speaker lgx-single-speaker-one \">\r\n        <figure>\r\n            <a class=\"profile-img\" href=\"https:\/\/heliview.com\/state-cyber-security-sweden\/speaker\/tomas-wallin\/\">\r\n                <img decoding=\"async\" src=\"https:\/\/heliview.com\/state-cyber-security-sweden\/wp-content\/uploads\/sites\/65\/2025\/08\/Sprekers-logo-website.png\" alt=\"Tomas Wallin\"\/>\r\n            <\/a>\r\n\r\n            <figcaption>\r\n                <div class=\"social-group\">\r\n                                                                                                                                                            <\/div>\r\n                <div class=\"speaker-info\">\r\n                    <h3 class=\"title\"><a href=\"https:\/\/heliview.com\/state-cyber-security-sweden\/speaker\/tomas-wallin\/\">Tomas Wallin<\/a><\/h3>\r\n                    <h4 class=\"subtitle\">Lieutenant Colonel Swedish Armed Forces Cyber Command of F\u00f6rsvarsmakten<\/h4>                <\/div>\r\n            <\/figcaption>\r\n        <\/figure>\r\n    <\/div>\r\n\r\n\r\n\r\n    [\/vc_column][vc_column width=&#8221;1\/4&#8243;]\r\n\r\n    <div class=\"lgx-single-speaker lgx-single-speaker-one \">\r\n        <figure>\r\n            <a class=\"profile-img\" href=\"https:\/\/heliview.com\/state-cyber-security-sweden\/speaker\/zac-warren\/\">\r\n                <img decoding=\"async\" src=\"https:\/\/heliview.com\/state-cyber-security-sweden\/wp-content\/uploads\/sites\/65\/2025\/08\/Foto-Zac-Warren.jpg\" alt=\"Zac Warren\"\/>\r\n            <\/a>\r\n\r\n            <figcaption>\r\n                <div class=\"social-group\">\r\n                                                                                <a class=\"sp-in\" target=\"_blank\" href=\"https:\/\/www.linkedin.com\/in\/cyberseczac\"><i class=\"fa fa-linkedin\"><\/i><\/a>                                                                            <\/div>\r\n                <div class=\"speaker-info\">\r\n                    <h3 class=\"title\"><a href=\"https:\/\/heliview.com\/state-cyber-security-sweden\/speaker\/zac-warren\/\">Zac Warren<\/a><\/h3>\r\n                    <h4 class=\"subtitle\">Chief Security Advisor of Tanium UK Limited<\/h4>                <\/div>\r\n            <\/figcaption>\r\n        <\/figure>\r\n    <\/div>\r\n\r\n\r\n\r\n    [\/vc_column][\/vc_row][vc_row css=&#8221;.vc_custom_1572896998857{background-position: center !important;background-repeat: no-repeat !important;background-size: cover !important;}&#8221; el_class=&#8221;lgx-inner&#8221;][vc_column width=&#8221;1\/4&#8243;]\r\n\r\n    <div class=\"lgx-single-speaker lgx-single-speaker-one \">\r\n        <figure>\r\n            <a class=\"profile-img\" href=\"https:\/\/heliview.com\/state-cyber-security-sweden\/speaker\/sandra-barouta-elvin\/\">\r\n                <img decoding=\"async\" src=\"https:\/\/heliview.com\/state-cyber-security-sweden\/wp-content\/uploads\/sites\/65\/2025\/09\/Sprekers-logo-website-1.png\" alt=\"Sandra Barouta Elvin\"\/>\r\n            <\/a>\r\n\r\n            <figcaption>\r\n                <div class=\"social-group\">\r\n                                                                                <a class=\"sp-in\" target=\"_blank\" href=\"https:\/\/www.linkedin.com\/in\/sandrabaroutaelvin\"><i class=\"fa fa-linkedin\"><\/i><\/a>                                                                            <\/div>\r\n                <div class=\"speaker-info\">\r\n                    <h3 class=\"title\"><a href=\"https:\/\/heliview.com\/state-cyber-security-sweden\/speaker\/sandra-barouta-elvin\/\">Sandra Barouta Elvin<\/a><\/h3>\r\n                    <h4 class=\"subtitle\">Security Officer of Microsoft Sweden<\/h4>                <\/div>\r\n            <\/figcaption>\r\n        <\/figure>\r\n    <\/div>\r\n\r\n\r\n\r\n    [\/vc_column][vc_column width=&#8221;1\/4&#8243;]\r\n\r\n    <div class=\"lgx-single-speaker lgx-single-speaker-one \">\r\n        <figure>\r\n            <a class=\"profile-img\" href=\"https:\/\/heliview.com\/state-cyber-security-sweden\/speaker\/karl-selin\/\">\r\n                <img decoding=\"async\" src=\"https:\/\/heliview.com\/state-cyber-security-sweden\/wp-content\/uploads\/sites\/65\/2025\/10\/Sprekers-logo-website-1.png\" alt=\"Karl Selin\"\/>\r\n            <\/a>\r\n\r\n            <figcaption>\r\n                <div class=\"social-group\">\r\n                                                                                <a class=\"sp-in\" target=\"_blank\" href=\"https:\/\/www.linkedin.com\/in\/karl-s-96317a11\"><i class=\"fa fa-linkedin\"><\/i><\/a>                                                                            <\/div>\r\n                <div class=\"speaker-info\">\r\n                    <h3 class=\"title\"><a href=\"https:\/\/heliview.com\/state-cyber-security-sweden\/speaker\/karl-selin\/\">Karl Selin<\/a><\/h3>\r\n                    <h4 class=\"subtitle\">Senior Cyber Security Specialist of National Cyber Security Center<\/h4>                <\/div>\r\n            <\/figcaption>\r\n        <\/figure>\r\n    <\/div>\r\n\r\n\r\n\r\n    [\/vc_column][vc_column width=&#8221;1\/4&#8243;]\r\n\r\n    <div class=\"lgx-single-speaker lgx-single-speaker-one \">\r\n        <figure>\r\n            <a class=\"profile-img\" href=\"https:\/\/heliview.com\/state-cyber-security-sweden\/speaker\/johan-rosell\/\">\r\n                <img decoding=\"async\" src=\"https:\/\/heliview.com\/state-cyber-security-sweden\/wp-content\/uploads\/sites\/65\/2025\/10\/Sprekers-logo-website-2.png\" alt=\"Johan Rosell\"\/>\r\n            <\/a>\r\n\r\n            <figcaption>\r\n                <div class=\"social-group\">\r\n                                                                                <a class=\"sp-in\" target=\"_blank\" href=\"https:\/\/www.linkedin.com\/in\/johan-rosell-84023b182\"><i class=\"fa fa-linkedin\"><\/i><\/a>                                                                            <\/div>\r\n                <div class=\"speaker-info\">\r\n                    <h3 class=\"title\"><a href=\"https:\/\/heliview.com\/state-cyber-security-sweden\/speaker\/johan-rosell\/\">Johan Rosell<\/a><\/h3>\r\n                    <h4 class=\"subtitle\">Chef f\u00f6r Centrum f\u00f6r Cybers\u00e4kerhet of RISE Research Institutes of Sweden<\/h4>                <\/div>\r\n            <\/figcaption>\r\n        <\/figure>\r\n    <\/div>\r\n\r\n\r\n\r\n    [\/vc_column][vc_column width=&#8221;1\/4&#8243;]\r\n\r\n    <div class=\"lgx-single-speaker lgx-single-speaker-one \">\r\n        <figure>\r\n            <a class=\"profile-img\" href=\"https:\/\/heliview.com\/state-cyber-security-sweden\/speaker\/marvin-ngoma\/\">\r\n                <img decoding=\"async\" src=\"https:\/\/heliview.com\/state-cyber-security-sweden\/wp-content\/uploads\/sites\/65\/2025\/10\/Marvin-Ngoma.png\" alt=\"Marvin Ngoma\"\/>\r\n            <\/a>\r\n\r\n            <figcaption>\r\n                <div class=\"social-group\">\r\n                                                                                                                                                            <\/div>\r\n                <div class=\"speaker-info\">\r\n                    <h3 class=\"title\"><a href=\"https:\/\/heliview.com\/state-cyber-security-sweden\/speaker\/marvin-ngoma\/\">Marvin Ngoma<\/a><\/h3>\r\n                    <h4 class=\"subtitle\">Sr Security Specialist, Solutions Architect of Elastic<\/h4>                <\/div>\r\n            <\/figcaption>\r\n        <\/figure>\r\n    <\/div>\r\n\r\n\r\n\r\n    [\/vc_column][\/vc_row][vc_row css=&#8221;.vc_custom_1572896998857{background-position: center !important;background-repeat: no-repeat !important;background-size: cover !important;}&#8221; el_class=&#8221;lgx-inner&#8221;][vc_column width=&#8221;1\/4&#8243;]\r\n\r\n    <div class=\"lgx-single-speaker lgx-single-speaker-one \">\r\n        <figure>\r\n            <a class=\"profile-img\" href=\"https:\/\/heliview.com\/state-cyber-security-sweden\/speaker\/oskar-rodin\/\">\r\n                <img decoding=\"async\" src=\"https:\/\/heliview.com\/state-cyber-security-sweden\/wp-content\/uploads\/sites\/65\/2025\/10\/Oskar-Rodin.png\" alt=\"Oskar R\u00f6din\"\/>\r\n            <\/a>\r\n\r\n            <figcaption>\r\n                <div class=\"social-group\">\r\n                                                                                <a class=\"sp-in\" target=\"_blank\" href=\"https:\/\/www.linkedin.com\/in\/oskar-rodin-a98380107\"><i class=\"fa fa-linkedin\"><\/i><\/a>                                                                            <\/div>\r\n                <div class=\"speaker-info\">\r\n                    <h3 class=\"title\"><a href=\"https:\/\/heliview.com\/state-cyber-security-sweden\/speaker\/oskar-rodin\/\">Oskar R\u00f6din<\/a><\/h3>\r\n                    <h4 class=\"subtitle\">Enterprise Architect of Check Point Software Technologies B.V.<\/h4>                <\/div>\r\n            <\/figcaption>\r\n        <\/figure>\r\n    <\/div>\r\n\r\n\r\n\r\n    [\/vc_column][vc_column width=&#8221;1\/4&#8243;]\r\n\r\n    <div class=\"lgx-single-speaker lgx-single-speaker-one \">\r\n        <figure>\r\n            <a class=\"profile-img\" href=\"https:\/\/heliview.com\/state-cyber-security-sweden\/speaker\/julius-nicklasson\/\">\r\n                <img decoding=\"async\" src=\"https:\/\/heliview.com\/state-cyber-security-sweden\/wp-content\/uploads\/sites\/65\/2025\/11\/Julius-Nicklasson.png\" alt=\"Julius Nicklasson\"\/>\r\n            <\/a>\r\n\r\n            <figcaption>\r\n                <div class=\"social-group\">\r\n                                                                                                                                                            <\/div>\r\n                <div class=\"speaker-info\">\r\n                    <h3 class=\"title\"><a href=\"https:\/\/heliview.com\/state-cyber-security-sweden\/speaker\/julius-nicklasson\/\">Julius Nicklasson<\/a><\/h3>\r\n                    <h4 class=\"subtitle\">Sales Engineer of Recorded Future<\/h4>                <\/div>\r\n            <\/figcaption>\r\n        <\/figure>\r\n    <\/div>\r\n\r\n\r\n\r\n    [\/vc_column][vc_column width=&#8221;1\/4&#8243;]\r\n\r\n    <div class=\"lgx-single-speaker lgx-single-speaker-one \">\r\n        <figure>\r\n            <a class=\"profile-img\" href=\"https:\/\/heliview.com\/state-cyber-security-sweden\/speaker\/dan-jones\/\">\r\n                <img decoding=\"async\" src=\"https:\/\/heliview.com\/state-cyber-security-sweden\/wp-content\/uploads\/sites\/65\/2025\/11\/Oskar-Rodin.png\" alt=\"Dan Jones\"\/>\r\n            <\/a>\r\n\r\n            <figcaption>\r\n                <div class=\"social-group\">\r\n                                                                                <a class=\"sp-in\" target=\"_blank\" href=\"https:\/\/www.linkedin.com\/in\/cyber-dcj\"><i class=\"fa fa-linkedin\"><\/i><\/a>                                                                            <\/div>\r\n                <div class=\"speaker-info\">\r\n                    <h3 class=\"title\"><a href=\"https:\/\/heliview.com\/state-cyber-security-sweden\/speaker\/dan-jones\/\">Dan Jones<\/a><\/h3>\r\n                    <h4 class=\"subtitle\">Senior Security Advisor of Tanium UK Limited<\/h4>                <\/div>\r\n            <\/figcaption>\r\n        <\/figure>\r\n    <\/div>\r\n\r\n\r\n\r\n    [\/vc_column][vc_column width=&#8221;1\/4&#8243;][\/vc_column][\/vc_row][vc_row full_width=&#8221;stretch_row&#8221; css=&#8221;.vc_custom_1573932805787{padding-bottom: 30px !important;background-color: #ffffff !important;}&#8221;][vc_column]<div class=\"lgx-heading  \" >\r\n                    <h2 class=\"heading\">When will they speak?<\/h2>\r\n                    <h3 class=\"subheading\">Check out our programme<\/h3>              \r\n              <\/div>[vc_column_text]Curious when these experts can be seen and what they will be talking about? Quickly view our complete programme[\/vc_column_text]<div class=\"lgx-brand-btn-area text-left\">\r\n                    <a class=\"lgx-btn btn-df  lgx-btn-brand\" href=\"https:\/\/heliview.com\/state-cyber-security-sweden\/programme\/\" target=\"_self\"><span>View programme<\/span><\/a>\r\n                    \r\n               \r\n                <\/div>[\/vc_column][\/vc_row]\n<\/div>","protected":false},"excerpt":{"rendered":"<p>[vc_row css=&#8221;.vc_custom_1572897276102{background-position: center !important;background-repeat: no-repeat !important;background-size: cover !important;}&#8221; el_class=&#8221;lgx-inner&#8221;][vc_column][vc_empty_space][vc_column_text css=&#8221;&#8221;]On this page the experts who will be speaking at State of Cyber Security Sweden will be announced. So stay tuned and keep an eye on this page to be the first to know who will be the first expert at this conference.[\/vc_column_text][\/vc_column][\/vc_row][vc_row css=&#8221;.vc_custom_1572896998857{background-position: center !important;background-repeat: [&hellip;]<\/p>\n","protected":false},"author":17,"featured_media":0,"parent":0,"menu_order":0,"comment_status":"closed","ping_status":"closed","template":"","meta":{"_acf_changed":false,"footnotes":""},"class_list":["post-2870","page","type-page","status-publish","hentry"],"yoast_head":"<!-- This site is optimized with the Yoast SEO plugin v25.3.1 - https:\/\/yoast.com\/wordpress\/plugins\/seo\/ -->\r\n<title>Experts | State of Cyber Security Sweden<\/title>\r\n<meta name=\"description\" content=\"During the State of Cyber Security Sweden various industry experts and thought leader will share their knowledge and experiences\" \/>\r\n<meta name=\"robots\" content=\"index, follow, max-snippet:-1, max-image-preview:large, max-video-preview:-1\" \/>\r\n<link rel=\"canonical\" href=\"https:\/\/heliview.com\/state-cyber-security-sweden\/experts\/\" \/>\r\n<meta property=\"og:locale\" content=\"en_US\" \/>\r\n<meta property=\"og:type\" content=\"article\" \/>\r\n<meta property=\"og:title\" content=\"Experts | State of Cyber Security Sweden\" \/>\r\n<meta property=\"og:description\" content=\"During the State of Cyber Security Sweden various industry experts and thought leader will share their knowledge and experiences\" \/>\r\n<meta property=\"og:url\" content=\"https:\/\/heliview.com\/state-cyber-security-sweden\/experts\/\" \/>\r\n<meta property=\"og:site_name\" content=\"State of Cyber Security\" \/>\r\n<meta property=\"article:publisher\" content=\"https:\/\/www.facebook.com\/HeliviewCT\" \/>\r\n<meta property=\"article:modified_time\" content=\"2025-12-05T16:22:43+00:00\" \/>\r\n<meta name=\"twitter:card\" content=\"summary_large_image\" \/>\r\n<meta name=\"twitter:site\" content=\"@HeliviewConf\" \/>\r\n<meta name=\"twitter:label1\" content=\"Est. reading time\" \/>\n\t<meta name=\"twitter:data1\" content=\"1 minute\" \/>\r\n<script type=\"application\/ld+json\" class=\"yoast-schema-graph\">{\"@context\":\"https:\/\/schema.org\",\"@graph\":[{\"@type\":\"WebPage\",\"@id\":\"https:\/\/heliview.com\/state-cyber-security-sweden\/experts\/\",\"url\":\"https:\/\/heliview.com\/state-cyber-security-sweden\/experts\/\",\"name\":\"Experts | State of Cyber Security Sweden\",\"isPartOf\":{\"@id\":\"https:\/\/heliview.com\/state-cyber-security-sweden\/#website\"},\"datePublished\":\"2018-10-10T08:43:16+00:00\",\"dateModified\":\"2025-12-05T16:22:43+00:00\",\"description\":\"During the State of Cyber Security Sweden various industry experts and thought leader will share their knowledge and experiences\",\"breadcrumb\":{\"@id\":\"https:\/\/heliview.com\/state-cyber-security-sweden\/experts\/#breadcrumb\"},\"inLanguage\":\"en-US\",\"potentialAction\":[{\"@type\":\"ReadAction\",\"target\":[\"https:\/\/heliview.com\/state-cyber-security-sweden\/experts\/\"]}]},{\"@type\":\"BreadcrumbList\",\"@id\":\"https:\/\/heliview.com\/state-cyber-security-sweden\/experts\/#breadcrumb\",\"itemListElement\":[{\"@type\":\"ListItem\",\"position\":1,\"name\":\"Home\",\"item\":\"https:\/\/heliview.com\/state-cyber-security-sweden\/\"},{\"@type\":\"ListItem\",\"position\":2,\"name\":\"Experts 2025\"}]},{\"@type\":\"WebSite\",\"@id\":\"https:\/\/heliview.com\/state-cyber-security-sweden\/#website\",\"url\":\"https:\/\/heliview.com\/state-cyber-security-sweden\/\",\"name\":\"State of Cyber Security\",\"description\":\"\",\"potentialAction\":[{\"@type\":\"SearchAction\",\"target\":{\"@type\":\"EntryPoint\",\"urlTemplate\":\"https:\/\/heliview.com\/state-cyber-security-sweden\/?s={search_term_string}\"},\"query-input\":{\"@type\":\"PropertyValueSpecification\",\"valueRequired\":true,\"valueName\":\"search_term_string\"}}],\"inLanguage\":\"en-US\"}]}<\/script>\r\n<!-- \/ Yoast SEO plugin. -->","yoast_head_json":{"title":"Experts | State of Cyber Security Sweden","description":"During the State of Cyber Security Sweden various industry experts and thought leader will share their knowledge and experiences","robots":{"index":"index","follow":"follow","max-snippet":"max-snippet:-1","max-image-preview":"max-image-preview:large","max-video-preview":"max-video-preview:-1"},"canonical":"https:\/\/heliview.com\/state-cyber-security-sweden\/experts\/","og_locale":"en_US","og_type":"article","og_title":"Experts | State of Cyber Security Sweden","og_description":"During the State of Cyber Security Sweden various industry experts and thought leader will share their knowledge and experiences","og_url":"https:\/\/heliview.com\/state-cyber-security-sweden\/experts\/","og_site_name":"State of Cyber Security","article_publisher":"https:\/\/www.facebook.com\/HeliviewCT","article_modified_time":"2025-12-05T16:22:43+00:00","twitter_card":"summary_large_image","twitter_site":"@HeliviewConf","twitter_misc":{"Est. reading time":"1 minute"},"schema":{"@context":"https:\/\/schema.org","@graph":[{"@type":"WebPage","@id":"https:\/\/heliview.com\/state-cyber-security-sweden\/experts\/","url":"https:\/\/heliview.com\/state-cyber-security-sweden\/experts\/","name":"Experts | State of Cyber Security Sweden","isPartOf":{"@id":"https:\/\/heliview.com\/state-cyber-security-sweden\/#website"},"datePublished":"2018-10-10T08:43:16+00:00","dateModified":"2025-12-05T16:22:43+00:00","description":"During the State of Cyber Security Sweden various industry experts and thought leader will share their knowledge and experiences","breadcrumb":{"@id":"https:\/\/heliview.com\/state-cyber-security-sweden\/experts\/#breadcrumb"},"inLanguage":"en-US","potentialAction":[{"@type":"ReadAction","target":["https:\/\/heliview.com\/state-cyber-security-sweden\/experts\/"]}]},{"@type":"BreadcrumbList","@id":"https:\/\/heliview.com\/state-cyber-security-sweden\/experts\/#breadcrumb","itemListElement":[{"@type":"ListItem","position":1,"name":"Home","item":"https:\/\/heliview.com\/state-cyber-security-sweden\/"},{"@type":"ListItem","position":2,"name":"Experts 2025"}]},{"@type":"WebSite","@id":"https:\/\/heliview.com\/state-cyber-security-sweden\/#website","url":"https:\/\/heliview.com\/state-cyber-security-sweden\/","name":"State of Cyber Security","description":"","potentialAction":[{"@type":"SearchAction","target":{"@type":"EntryPoint","urlTemplate":"https:\/\/heliview.com\/state-cyber-security-sweden\/?s={search_term_string}"},"query-input":{"@type":"PropertyValueSpecification","valueRequired":true,"valueName":"search_term_string"}}],"inLanguage":"en-US"}]}},"acf":[],"_links":{"self":[{"href":"https:\/\/heliview.com\/state-cyber-security-sweden\/wp-json\/wp\/v2\/pages\/2870","targetHints":{"allow":["GET"]}}],"collection":[{"href":"https:\/\/heliview.com\/state-cyber-security-sweden\/wp-json\/wp\/v2\/pages"}],"about":[{"href":"https:\/\/heliview.com\/state-cyber-security-sweden\/wp-json\/wp\/v2\/types\/page"}],"author":[{"embeddable":true,"href":"https:\/\/heliview.com\/state-cyber-security-sweden\/wp-json\/wp\/v2\/users\/17"}],"replies":[{"embeddable":true,"href":"https:\/\/heliview.com\/state-cyber-security-sweden\/wp-json\/wp\/v2\/comments?post=2870"}],"version-history":[{"count":7,"href":"https:\/\/heliview.com\/state-cyber-security-sweden\/wp-json\/wp\/v2\/pages\/2870\/revisions"}],"predecessor-version":[{"id":6487,"href":"https:\/\/heliview.com\/state-cyber-security-sweden\/wp-json\/wp\/v2\/pages\/2870\/revisions\/6487"}],"wp:attachment":[{"href":"https:\/\/heliview.com\/state-cyber-security-sweden\/wp-json\/wp\/v2\/media?parent=2870"}],"curies":[{"name":"wp","href":"https:\/\/api.w.org\/{rel}","templated":true}]}}